{"id":2404,"date":"2018-05-19T23:58:01","date_gmt":"2018-05-19T20:58:01","guid":{"rendered":"http:\/\/istanbuletc.com\/?page_id=2404"},"modified":"2021-08-17T00:34:10","modified_gmt":"2021-08-16T21:34:10","slug":"insaat-muhendisligi","status":"publish","type":"page","link":"http:\/\/www.istanbuletc.com\/ru\/insaat-muhendisligi\/","title":{"rendered":"\u0130n\u015faat M\u00fchendisli\u011fi"},"content":{"rendered":"<p class=\"qtranxs-available-languages-message qtranxs-available-languages-message-ru\">\u0418\u0437\u0432\u0438\u043d\u0438\u0442\u0435, \u044d\u0442\u043e\u0442 \u0442\u0435\u0445\u0442 \u0434\u043e\u0441\u0442\u0443\u043f\u0435\u043d \u0442\u043e\u043b\u044c\u043a\u043e \u0432 &ldquo;<a href=\"http:\/\/www.istanbuletc.com\/tr\/wp-json\/wp\/v2\/pages\/2404\" class=\"qtranxs-available-language-link qtranxs-available-language-link-tr\" title=\"Turkish\">\u0442\u0443\u0440\u0435\u0446\u043a\u0438\u0439<\/a>&rdquo;. For the sake of viewer convenience, the content is shown below in the alternative language. You may click the link to switch the active language.<\/p><p>[vc_row 0=&#187;&#187;][vc_column 0=&#187;&#187;][vc_row_inner 0=&#187;&#187;][vc_column_inner width=&#187;1\/2&#8243;][vc_column_text 0=&#187;&#187;]<\/p>\n<div class=\"page\" title=\"Page 2\">\n<div class=\"layoutArea\">\n<div class=\"column\">\n<div class=\"page\" title=\"Page 2\">\n<div class=\"layoutArea\">\n<div class=\"column\">\n<div class=\"page\" title=\"Page 2\">\n<div class=\"layoutArea\">\n<div class=\"column\">\n<p><strong>Uluslararas\u0131 Vizyon U\u0308niversitesi Hakk\u0131nda<\/strong><\/p>\n<p>Uluslararas\u0131 Vizyon \u00dcniversitesi, Merkezi Makedonya\u2019n\u0131n Gostivar s\u0327ehrinde bulunan \u201cS\u0327ar-Vardar I\u0307lim K\u00fclt\u00fcr ve Sanat Vakf\u0131\u201dn\u0131n 17 Haziran 2014 tarihinde Makedonya Cumhuriyeti H\u00fck\u00fcmetine \u201cUluslararas\u0131 Vizyon \u00dcniversitesi\u201dnin kurulmas\u0131 i\u00e7in i\u00e7in yapm\u0131s\u0327 oldug\u0306u bas\u0327vuru, 07 Ekim 2014 tarihinde, Makedonya Cumhuriyeti H\u00fck\u00fcmeti Bakanlar Kurulu karar\u0131n\u0131n ve 20 Ekim 2014 tarihli resmi gazetenin 153 say\u0131l\u0131 ve 4781 nolu yay\u0131mlanmas\u0131 ile, Uluslararas\u0131 Vizyon \u00dcniversitesi, M.C. Bakanlar Kurulu Karar\u0131 ile Avrupa ve Balkanlarda kurulan ve <strong>T\u00fcrkiye d\u0131s\u0327\u0131nda anadilde eg\u0306itim yapma hakk\u0131na sahip olan ve resmi akredite edilen ilk ve tek \u00fcniversite h\u00fcviyetini<\/strong> kazand\u0131.<\/p>\n<p>24 Ekim 2014 tarihi itibar\u0131 ile Makedonya Cumhuriyeti Akreditasyon kurulunun 15-98\/6 say\u0131l\u0131 karar\u0131 ile, Uluslararas\u0131 Vizyon \u00dcniversitesi akredite edilip resmi h\u00fcvviyetini kazanm\u0131s\u0327 oldu.<\/p>\n<p>Balkan cog\u0306rafyas\u0131n\u0131n yap\u0131s\u0131n\u0131 esas alarak, s\u00fcrd\u00fcr\u00fclebilir kalk\u0131nma, gelis\u0327me ve var olma vasf\u0131 eg\u0306itimden ge\u00e7mektedir. Genelde Balkanlar, yerelde Makedonya\u2019da yas\u0327ayan T\u00fcrklerin de yer ald\u0131g\u0306\u0131 t\u00fcm az\u0131nl\u0131klar\u0131n, az\u0131nl\u0131k stat\u00fcs\u00fcn\u00fcn getirdig\u0306i s\u0131k\u0131nt\u0131lar\u0131n en bas\u0327\u0131nda, y\u00fcksek \u00f6g\u0306renimde ana dilde eg\u0306itim sorunu yer almaktad\u0131r.<\/p>\n<p>\u00dclke ve b\u00f6lge insan\u0131n\u0131n geleneksel birikimini, \u00e7ag\u0306das\u0327 bilgiyi ve teknikleri kullanarak belirlemek, deg\u0306erlendirmek ve yeniden yorumlamak misyonunu g\u00fctmektedir.<\/p>\n<p>Aras\u0327t\u0131rma ve I\u0307nceleme yoluyla elde edilen sonu\u00e7lar bilim d\u00fcnyas\u0131yla ve toplumla paylas\u0327mak \u00fcniversitenin projeksiyonlar\u0131 b\u00fcnyesindedir.<\/p>\n<p>Bu deg\u0306erleri koruyup yas\u0327atarak \u00fclkemizin ve insanl\u0131g\u0306\u0131n k\u00fclt\u00fcrel miras\u0131na katk\u0131da bulunmak, \u00fcniversitenin esas amac\u0131n\u0131 olus\u0327turmaktad\u0131r.<\/p>\n<\/div>\n<\/div>\n<\/div>\n<\/div>\n<\/div>\n<\/div>\n<\/div>\n<\/div>\n<\/div>\n<p>[\/vc_column_text][\/vc_column_inner][vc_column_inner width=&#187;1\/2&#8243;][vc_single_image image=&#187;3055&#8243; img_size=&#187;800&#215;800&#8243;][\/vc_column_inner][\/vc_row_inner][vc_row_inner 0=&#187;&#187;][vc_column_inner width=&#187;1\/2&#8243;][vc_column_text 0=&#187;&#187;]<strong>\u0130n\u015faat M\u00fchendisli\u011fi Lisans B\u00f6l\u00fcm\u00fc Dersleri<\/strong><\/p>\n<p><strong>1. Yar\u0131y\u0131l<\/strong><\/p>\n<table border=\"0\" width=\"492\" cellspacing=\"0\" cellpadding=\"0\">\n<tbody>\n<tr>\n<td style=\"text-align: center;\" width=\"41\"><strong>No<\/strong><\/td>\n<td width=\"387\"><strong>Ders Ad\u0131<\/strong><\/td>\n<td style=\"text-align: center;\" width=\"64\"><strong>AKTS<\/strong><\/td>\n<\/tr>\n<tr>\n<td style=\"text-align: center;\" width=\"41\">1<\/td>\n<td width=\"312\">Tasar\u0131 Geometrisi<\/td>\n<td style=\"text-align: center;\" width=\"57\">7<\/td>\n<\/tr>\n<tr>\n<td style=\"text-align: center;\">2<\/td>\n<td>M\u00fchendislik Grafi\u011fi<\/td>\n<td style=\"text-align: center;\">7<\/td>\n<\/tr>\n<tr>\n<td style=\"text-align: center;\">3<\/td>\n<td>Makedonca 1<\/td>\n<td style=\"text-align: center;\">6<\/td>\n<\/tr>\n<tr>\n<td style=\"text-align: center;\">4<\/td>\n<td>Se\u00e7meli alan dersi<\/td>\n<td style=\"text-align: center;\">5<\/td>\n<\/tr>\n<tr>\n<td style=\"text-align: center;\"><\/td>\n<td>&#8212; Matematik<\/td>\n<td style=\"text-align: center;\"><\/td>\n<\/tr>\n<tr>\n<td style=\"text-align: center;\"><\/td>\n<td>\u00a0-M\u00fchendislik Jeolojisi<\/td>\n<td style=\"text-align: center;\"><\/td>\n<\/tr>\n<tr>\n<td style=\"text-align: center;\">5<\/td>\n<td>\u00dcniversite se\u00e7meli dersi<\/td>\n<td style=\"text-align: center;\">5<\/td>\n<\/tr>\n<\/tbody>\n<\/table>\n<p>&nbsp;[\/vc_column_text][vc_column_text 0=&#187;&#187;]<strong>3. Yar\u0131y\u0131l<\/strong><\/p>\n<table border=\"0\" width=\"492\" cellspacing=\"0\" cellpadding=\"0\">\n<tbody>\n<tr>\n<td style=\"text-align: center;\" width=\"41\"><strong>No<\/strong><\/td>\n<td width=\"387\"><strong>Ders Ad\u0131<\/strong><\/td>\n<td style=\"text-align: center;\" width=\"64\"><strong>AKTS<\/strong><\/td>\n<\/tr>\n<tr>\n<td style=\"text-align: center;\" width=\"41\">1<\/td>\n<td width=\"263\">Yap\u0131 Malzemeleri<\/td>\n<td style=\"text-align: center;\" width=\"52\">7<\/td>\n<\/tr>\n<tr>\n<td style=\"text-align: center;\">2<\/td>\n<td>Zemin Mekani\u011fi<\/td>\n<td style=\"text-align: center;\">7<\/td>\n<\/tr>\n<tr>\n<td style=\"text-align: center;\">3<\/td>\n<td>Yap\u0131 Bilgisi 1<\/td>\n<td style=\"text-align: center;\">6<\/td>\n<\/tr>\n<tr>\n<td style=\"text-align: center;\">4<\/td>\n<td>Se\u00e7meli alan dersi<\/td>\n<td style=\"text-align: center;\">5<\/td>\n<\/tr>\n<tr>\n<td style=\"text-align: center;\">5<\/td>\n<td>&#8212; Bilgisayar Destekli Tasar\u0131m<\/td>\n<td style=\"text-align: center;\">5<\/td>\n<\/tr>\n<tr>\n<td style=\"text-align: center;\"><\/td>\n<td>&#8212; Beton Teknolojisi<\/td>\n<td style=\"text-align: center;\"><\/td>\n<\/tr>\n<tr>\n<td style=\"text-align: center;\">6<\/td>\n<td>\u00dcniversite se\u00e7meli dersi<\/td>\n<td style=\"text-align: center;\">5<\/td>\n<\/tr>\n<\/tbody>\n<\/table>\n<p>&nbsp;[\/vc_column_text][vc_column_text 0=&#187;&#187;]<strong>5. Yar\u0131y\u0131l<\/strong><\/p>\n<table border=\"0\" width=\"492\" cellspacing=\"0\" cellpadding=\"0\">\n<tbody>\n<tr>\n<td style=\"text-align: center;\" width=\"41\"><strong>No<\/strong><\/td>\n<td width=\"387\"><strong>Ders Ad\u0131<\/strong><\/td>\n<td style=\"text-align: center;\" width=\"64\"><strong>AKTS<\/strong><\/td>\n<\/tr>\n<tr>\n<td style=\"text-align: center;\" width=\"41\">1<\/td>\n<td width=\"312\">Jeodezi (Topografya)<\/td>\n<td style=\"text-align: center;\" width=\"64\">6<\/td>\n<\/tr>\n<tr>\n<td style=\"text-align: center;\">2<\/td>\n<td>Altyap\u0131 Tasar\u0131m\u0131<\/td>\n<td style=\"text-align: center;\">6<\/td>\n<\/tr>\n<tr>\n<td style=\"text-align: center;\">3<\/td>\n<td>Temel \u0130n\u015faat\u0131<\/td>\n<td style=\"text-align: center;\">6<\/td>\n<\/tr>\n<tr>\n<td style=\"text-align: center;\">4<\/td>\n<td>Y\u00f6netim ve Org.<\/td>\n<td style=\"text-align: center;\">6<\/td>\n<\/tr>\n<tr>\n<td style=\"text-align: center;\">5<\/td>\n<td>Olas\u0131l\u0131k ve Statik<\/td>\n<td style=\"text-align: center;\">6<\/td>\n<\/tr>\n<\/tbody>\n<\/table>\n<p>&nbsp;[\/vc_column_text][vc_column_text 0=&#187;&#187;]<strong>7. Yar\u0131y\u0131l<\/strong><\/p>\n<table border=\"0\" width=\"492\" cellspacing=\"0\" cellpadding=\"0\">\n<tbody>\n<tr>\n<td style=\"text-align: center;\" width=\"41\"><strong>No<\/strong><\/td>\n<td width=\"387\"><strong>Ders Ad\u0131<\/strong><\/td>\n<td style=\"text-align: center;\" width=\"64\"><strong>AKTS<\/strong><\/td>\n<\/tr>\n<tr>\n<td style=\"text-align: center;\" width=\"41\">1<\/td>\n<td width=\"263\">Beton Yap\u0131lar\u0131n Hesaplanmas\u0131nda Modern Y\u00f6ntemler<\/td>\n<td style=\"text-align: center;\" width=\"52\">6<\/td>\n<\/tr>\n<tr>\n<td style=\"text-align: center;\">2<\/td>\n<td>M\u00fchendislik Yap\u0131lar\u0131n Sismik Tasar\u0131m\u0131<\/td>\n<td style=\"text-align: center;\">6<\/td>\n<\/tr>\n<tr>\n<td style=\"text-align: center;\">3<\/td>\n<td>Kompozit Malzemeler<\/td>\n<td style=\"text-align: center;\">6<\/td>\n<\/tr>\n<tr>\n<td style=\"text-align: center;\">4<\/td>\n<td>Bina ve \u0130mar Mevzuat\u0131<\/td>\n<td style=\"text-align: center;\">5<\/td>\n<\/tr>\n<tr>\n<td style=\"text-align: center;\">5<\/td>\n<td>Se\u00e7meli alan dersi<\/td>\n<td style=\"text-align: center;\">5<\/td>\n<\/tr>\n<tr>\n<td style=\"text-align: center;\"><\/td>\n<td>&#8212; \u00d6rg\u00fctsel Psikoloji<\/td>\n<td style=\"text-align: center;\"><\/td>\n<\/tr>\n<tr>\n<td style=\"text-align: center;\"><\/td>\n<td>&#8212; Betonarme K\u00f6pr\u00fcler<\/td>\n<td style=\"text-align: center;\"><\/td>\n<\/tr>\n<tr>\n<td style=\"text-align: center;\">6<\/td>\n<td>Staj<\/td>\n<td style=\"text-align: center;\">2<\/td>\n<\/tr>\n<\/tbody>\n<\/table>\n<p>&nbsp;[\/vc_column_text][\/vc_column_inner][vc_column_inner width=&#187;1\/2&#8243;][vc_column_text css=&#187;.vc_custom_1629146834915{padding-top: 50px !important;}&#187;]<strong>2. Yar\u0131y\u0131l<\/strong><\/p>\n<table border=\"0\" width=\"492\" cellspacing=\"0\" cellpadding=\"0\">\n<tbody>\n<tr>\n<td style=\"text-align: center;\" width=\"41\"><strong>No<\/strong><\/td>\n<td width=\"387\"><strong>Ders Ad\u0131<\/strong><\/td>\n<td style=\"text-align: center;\" width=\"64\"><strong>AKTS<\/strong><\/td>\n<\/tr>\n<tr>\n<td width=\"41\" style=\"text-align: center\">1<\/td>\n<td width=\"324\">Mukavemet<\/td>\n<td width=\"45\" style=\"text-align: center\">6<\/td>\n<\/tr>\n<tr>\n<td style=\"text-align: center\">2<\/td>\n<td>Ak\u0131\u015fkanlar Mekani\u011fi<\/td>\n<td style=\"text-align: center\">6<\/td>\n<\/tr>\n<tr>\n<td style=\"text-align: center\">3<\/td>\n<td>Makedonca 2<\/td>\n<td style=\"text-align: center\">6<\/td>\n<\/tr>\n<tr>\n<td style=\"text-align: center\">4<\/td>\n<td>Se\u00e7meli alan dersi<\/td>\n<td style=\"text-align: center\">5<\/td>\n<\/tr>\n<tr>\n<td style=\"text-align: center\"><\/td>\n<td>&#8212; Matematik 2<\/td>\n<td style=\"text-align: center\"><\/td>\n<\/tr>\n<tr>\n<td style=\"text-align: center\"><\/td>\n<td>&#8212; Kinematik ve Dinamik<\/td>\n<td style=\"text-align: center\"><\/td>\n<\/tr>\n<tr>\n<td style=\"text-align: center\"><\/td>\n<td>\u00dcniversite se\u00e7meli dersi<\/td>\n<td style=\"text-align: center\">5<\/td>\n<\/tr>\n<tr>\n<td style=\"text-align: center\">5<\/td>\n<td>Staj<\/td>\n<td style=\"text-align: center\">2<\/td>\n<\/tr>\n<\/tbody>\n<\/table>\n<p>&nbsp;<\/p>\n<p>[\/vc_column_text][vc_column_text 0=&#187;&#187;]<strong>4. Yar\u0131y\u0131l<\/strong><\/p>\n<table border=\"0\" width=\"492\" cellspacing=\"0\" cellpadding=\"0\">\n<tbody>\n<tr>\n<td style=\"text-align: center;\" width=\"41\"><strong>No<\/strong><\/td>\n<td width=\"387\"><strong>Ders Ad\u0131<\/strong><\/td>\n<td style=\"text-align: center;\" width=\"64\"><strong>AKTS<\/strong><\/td>\n<\/tr>\n<tr>\n<td width=\"41\" style=\"text-align: center\">1<\/td>\n<td width=\"247\">\u00c7elik Yap\u0131lar<\/td>\n<td width=\"52\" style=\"text-align: center\">6<\/td>\n<\/tr>\n<tr>\n<td style=\"text-align: center\">2<\/td>\n<td>Hidrolik<\/td>\n<td style=\"text-align: center\">6<\/td>\n<\/tr>\n<tr>\n<td style=\"text-align: center\">3<\/td>\n<td>Yap\u0131 Bilgisi 2<\/td>\n<td style=\"text-align: center\">6<\/td>\n<\/tr>\n<tr>\n<td style=\"text-align: center\">4<\/td>\n<td>Se\u00e7meli alan dersi<\/td>\n<td style=\"text-align: center\">6<\/td>\n<\/tr>\n<tr>\n<td style=\"text-align: center\"><\/td>\n<td>&#8212; Ula\u015ft\u0131rma (Karayollar\u0131)<\/td>\n<td style=\"text-align: center\">5<\/td>\n<\/tr>\n<tr>\n<td style=\"text-align: center\"><\/td>\n<td>&#8212; Demiryolu \u0130n\u015faat\u0131<\/td>\n<td style=\"text-align: center\"><\/td>\n<\/tr>\n<tr>\n<td style=\"text-align: center\">5<\/td>\n<td>\u00dcniversite se\u00e7meli dersi<\/td>\n<td style=\"text-align: center\">5<\/td>\n<\/tr>\n<tr>\n<td style=\"text-align: center\">6<\/td>\n<td>Staj<\/td>\n<td style=\"text-align: center\">2<\/td>\n<\/tr>\n<\/tbody>\n<\/table>\n<p>&nbsp;<\/p>\n<p>[\/vc_column_text][vc_column_text 0=&#187;&#187;]<strong>6. Yar\u0131y\u0131l<\/strong><\/p>\n<table border=\"0\" width=\"492\" cellspacing=\"0\" cellpadding=\"0\">\n<tbody>\n<tr>\n<td style=\"text-align: center;\" width=\"41\"><strong>No<\/strong><\/td>\n<td width=\"387\"><strong>Ders Ad\u0131<\/strong><\/td>\n<td style=\"text-align: center;\" width=\"64\"><strong>AKTS<\/strong><\/td>\n<\/tr>\n<tr>\n<td style=\"text-align: center;\" width=\"41\">1<\/td>\n<td width=\"324\">Yap\u0131 Fizi\u011fi<\/td>\n<td style=\"text-align: center;\" width=\"45\">6<\/td>\n<\/tr>\n<tr>\n<td style=\"text-align: center;\">2<\/td>\n<td>Ta\u015f\u0131y\u0131c\u0131 Sistemler<\/td>\n<td style=\"text-align: center;\">6<\/td>\n<\/tr>\n<tr>\n<td style=\"text-align: center;\">3<\/td>\n<td>Karayolu Tasar\u0131m\u0131<\/td>\n<td style=\"text-align: center;\">6<\/td>\n<\/tr>\n<tr>\n<td style=\"text-align: center;\">4<\/td>\n<td>Se\u00e7meli Alan Dersi<\/td>\n<td style=\"text-align: center;\">5<\/td>\n<\/tr>\n<tr>\n<td style=\"text-align: center;\"><\/td>\n<td>&#8212; K\u00fclt\u00fcrel Miras\u0131n Korunmas\u0131<\/td>\n<td style=\"text-align: center;\"><\/td>\n<\/tr>\n<tr>\n<td style=\"text-align: center;\"><\/td>\n<td>&#8212; Meslek Eti\u011fi<\/td>\n<td style=\"text-align: center;\"><\/td>\n<\/tr>\n<tr>\n<td style=\"text-align: center;\"><\/td>\n<td>&#8212; Betonarme<\/td>\n<td style=\"text-align: center;\"><\/td>\n<\/tr>\n<tr>\n<td style=\"text-align: center;\"><\/td>\n<td>&#8212; Trafik Planlamas\u0131<\/td>\n<td style=\"text-align: center;\"><\/td>\n<\/tr>\n<tr>\n<td style=\"text-align: center;\">5<\/td>\n<td>Staj<\/td>\n<td style=\"text-align: center;\">2<\/td>\n<\/tr>\n<\/tbody>\n<\/table>\n<p>[\/vc_column_text][vc_column_text 0=&#187;&#187;]<strong>8. Yar\u0131y\u0131l<\/strong><\/p>\n<table border=\"0\" width=\"492\" cellspacing=\"0\" cellpadding=\"0\">\n<tbody>\n<tr>\n<td style=\"text-align: center;\" width=\"41\"><strong>No<\/strong><\/td>\n<td width=\"387\"><strong>Ders Ad\u0131<\/strong><\/td>\n<td style=\"text-align: center;\" width=\"64\"><strong>AKTS<\/strong><\/td>\n<\/tr>\n<tr>\n<td width=\"41\" style=\"text-align: center\">1<\/td>\n<td width=\"247\">Yap\u0131larda Esneklik ve S\u0131n\u0131r   Y\u00fckleri<\/td>\n<td width=\"64\" style=\"text-align: center\">6<\/td>\n<\/tr>\n<tr>\n<td style=\"text-align: center\">2<\/td>\n<td>\u0130n\u015faat Yap\u0131lar\u0131n\u0131n Modelleme Teknikleri<\/td>\n<td style=\"text-align: center\">6<\/td>\n<\/tr>\n<tr>\n<td style=\"text-align: center\">3<\/td>\n<td>\u0130n\u015faatta Yeni Yap\u0131lar &#8212; Malzemeler<\/td>\n<td style=\"text-align: center\">6<\/td>\n<\/tr>\n<tr>\n<td style=\"text-align: center\">4<\/td>\n<td>Yap\u0131lar\u0131n \u0130ncelenmesi (Yap\u0131lar\u0131n Davran\u0131\u015f\u0131)<\/td>\n<td style=\"text-align: center\">6<\/td>\n<\/tr>\n<tr>\n<td style=\"text-align: center\">5<\/td>\n<td>Bitirme \u00d6devi<\/td>\n<td style=\"text-align: center\">6<\/td>\n<\/tr>\n<\/tbody>\n<\/table>\n<p>[\/vc_column_text][\/vc_column_inner][\/vc_row_inner][vc_tta_accordion 0=&#187;&#187;][vc_tta_section i_icon_fontawesome=&#187;fa fa-bookmark&#187; add_icon=&#187;true&#187; title=&#187;Pratik Bilgiler&#187; tab_id=&#187;1526729094226-1a60537d-dcd0&#8243;][vc_column_text 0=&#187;&#187;]<\/p>\n<div class=\"page\" title=\"Page 2\">\n<div class=\"layoutArea\">\n<div class=\"column\">\n<p>Uluslararas\u0131 Vizyon U\u0308niversitesi Avrupa eg\u0306itim standartlar\u0131nda Makedonya Cumhuriyeti ve Gostivar Belediyesi resmi dillerinde eg\u0306itim vermektedir.<\/p>\n<p>Uluslararas\u0131 Vizyon U\u0308niversitesi Sosyal Bilimler Faku\u0308ltesi Bolonya Eg\u0306itim Standarlar\u0131na uygun mu\u0308fredatlar\u0131 ile Tu\u0308rkiye mu\u0308fredatlar\u0131na uyumlu bir bu\u0308tu\u0308nlu\u0308g\u0306e sahiptir.<\/p>\n<p>Uluslararas\u0131 Vizyon U\u0308niversitesi\u00a0<strong>AVRUPA UK NARIC ONAYLI ve YO\u0308K TARAFINDAN TANINMAKTADIR<\/strong>. Mezun olan o\u0308g\u0306rencilerimiz\u00a0<strong>I\u0307NGI\u0307LI\u0307ZCE, TU\u0308RKC\u0327E, MAKEDONCA<\/strong>\u00a0diploma almaktad\u0131rlar. Al\u0131nan diplomalar Lizbon esaslar\u0131na uygunlug\u0306u ile Uluslararas\u0131 gec\u0327erlidir. Ayr\u0131ca o\u0308g\u0306rencilerimiz Uluslararas\u0131 gec\u0327erli Diploma Supplement (Diploma Eki) sahibi olmaktad\u0131rlar.<\/p>\n<p>\u00dcniversitemizden 240 AKTS alarak programdan mezun olan \u00f6g\u0306renciler I\u0307ns\u0327aat M\u00fchendisi Meslek Unvan\u0131n\u0131 almaktad\u0131rlar.<\/p>\n<\/div>\n<\/div>\n<\/div>\n<p>[\/vc_column_text][\/vc_tta_section][vc_tta_section i_icon_fontawesome=&#187;fa-icon-stm_icon_book_stack&#187; add_icon=&#187;true&#187; title=&#187;E\u011fitim Mevzuat\u0131&#187; tab_id=&#187;1526729094262-0586a47a-83e2&#8243;][vc_column_text 0=&#187;&#187;]<\/p>\n<div class=\"page\" title=\"Page 2\">\n<div class=\"layoutArea\">\n<div class=\"column\">\n<p>\u041cakedonya Cumhuriyeti yu\u0308ksek o\u0308g\u0306renim kanununun 150. maddesine istinaden: U\u0308niversite aday\u0131 o\u0308g\u0306renciler yu\u0308ksek o\u0308g\u0306renimlerine iki statu\u0308de devam etme hakk\u0131na sahiptir.<\/p>\n<p><strong>O\u0308rgu\u0308n Eg\u0306itim (Klasik)<\/strong>\u00a0teorik derslerde % 70 uygulamal\u0131 derslerde % 80 devaml\u0131l\u0131k zorunludur.<\/p>\n<p>\u2022 O\u0308rgu\u0308n Eg\u0306itim (Mazeretli) devam zorunlulug\u0306u yoktur<\/p>\n<p><strong><br \/>\nO\u0308rgu\u0308n eg\u0306itim (mazeretli)<\/strong>\u00a0olabilmek ic\u0327in aday\u0131n:<\/p>\n<p>\u2022 Kronik Rahats\u0131z Olmas\u0131 (muayene go\u0308rmu\u0308s\u0327 oldug\u0306u devlet hastanesinden rapor)<br \/>\n\u2022 Evli Olmas\u0131 (evlilik cu\u0308zdan\u0131n\u0131n noter tasdikli nu\u0308shas\u0131 ibraz edilmeli)<br \/>\n\u2022 I\u0307s\u0327 ilis\u0327kisine tabi olmas\u0131 (c\u0327al\u0131s\u0327t\u0131g\u0306\u0131 kurumdan c\u0327al\u0131s\u0327t\u0131g\u0306\u0131na dair teyid mektubu veya sgk hizmet do\u0308ku\u0308mu\u0308)<\/p>\n<p><strong>O\u0308rgu\u0308n Eg\u0306itim (Mazeretli) Uygulamas\u0131<\/strong><\/p>\n<p>Her do\u0308nem akademik takvim bas\u0327lamas\u0131na mu\u0308takiben 15 is\u0327 gu\u0308nu\u0308 ic\u0327erisinde o\u0308g\u0306rencilere sorumlu olduklar\u0131 derslerin ders notlar\u0131 go\u0308nderilmektedir.<br \/>\nDo\u0308nem sonlar\u0131nda ilgili adaylara h\u0131zland\u0131r\u0131lm\u0131s\u0327 ders verilmektedir.<br \/>\nH\u0131zland\u0131r\u0131lm\u0131s\u0327 dersler akademik takvimde o\u0308ngo\u0308ru\u0308len tarihlerde gerc\u0327ekles\u0327mektedir.<\/p>\n<p>Gu\u0308z Do\u0308nemi S\u0327ubat ay\u0131n\u0131n ilk haftas\u0131nda ilk do\u0308nemin s\u0131navlar\u0131,<br \/>\nBahar Do\u0308nemi Haziran ay\u0131n\u0131n ilk haftas\u0131nda ikinci do\u0308nemin s\u0131navlar\u0131 yap\u0131lmaktad\u0131r.<\/p>\n<p><strong>O\u0308rgu\u0308n Eg\u0306itim (Mazeretli) Bas\u0327vurusu ve Muafiyet<\/strong><\/p>\n<p>Muafiyet ve I\u0307ntibak I\u0307s\u0327lemleri Yo\u0308nergesine istinaden ilgili aday\u0131n kac\u0327 krediden muaf olacag\u0306\u0131 ve kac\u0327 kredi tamamlamas\u0131 gerektig\u0306i tespit edilmektedir.<\/p>\n<\/div>\n<\/div>\n<\/div>\n<p>[\/vc_column_text][\/vc_tta_section][vc_tta_section i_icon_fontawesome=&#187;fa fa-home&#187; add_icon=&#187;true&#187; title=&#187;Bar\u0131nma ve Yurtlar&#187; tab_id=&#187;1526904668442-82138f68-60d0&#8243;][vc_column_text 0=&#187;&#187;]<\/p>\n<div class=\"page\" title=\"Page 2\">\n<div class=\"layoutArea\">\n<div class=\"column\">\n<p>Uluslararas\u0131 Vizyon U\u0308niversitesi, modern fiziki olanaklara sahip yurtlar\u0131n\u0131 k\u0131z ve erkek o\u0308g\u0306rencilerimizin hizmetine sunmus\u0327tur.<\/p>\n<p>Yurtlar\u0131m\u0131z u\u0308niversite hayat\u0131n\u0131zda sizlere aile ortam\u0131n\u0131 aratmayan, eg\u0306itiminize katk\u0131da bulunmak ic\u0327in alan\u0131nda bas\u0327ar\u0131l\u0131 dan\u0131s\u0327manlar ile u\u0308niversite hayat\u0131n\u0131z\u0131 kolaylas\u0327t\u0131rmay\u0131 ilke edinen kurumlard\u0131r.<\/p>\n<p>Yurtlar\u0131m\u0131zda, eg\u0306itim o\u0308g\u0306retimde bas\u0327ar\u0131y\u0131 artt\u0131racak etkenlerin yan\u0131 s\u0131ra sosyal gelis\u0327iminiz ic\u0327in y\u0131l ic\u0327erisinde c\u0327es\u0327itli faaliyetler du\u0308zenlenmektedir. Eg\u0306itim o\u0308g\u0306retim faaliyetlerinden arta kalan zaman\u0131n\u0131z\u0131 deg\u0306erlendirmeniz ic\u0327in c\u0327es\u0327itli geziler, sportif ve ku\u0308ltu\u0308rel etkinlikler organize edilmektedir.<\/p>\n<p>U\u0308niversitemizin her gec\u0327en y\u0131l artan eg\u0306itim kalitesine paralel olarak, yurtlar\u0131m\u0131zdaki bar\u0131nma hizmetlerinde de kalite su\u0308rekli artmaktad\u0131r.<\/p>\n<p>Yurtlar\u0131m\u0131z, Tu\u0308rkiye\u2019nin ve Makedonya\u2019n\u0131n bir c\u0327ok ilinden gelen o\u0308g\u0306rencilerle c\u0327ok kaliteli, c\u0327ok ku\u0308ltu\u0308rlu\u0308 ve c\u0327ok renkli ku\u0308c\u0327u\u0308k bir du\u0308nya hu\u0308viyetindedir. Renk ve ku\u0308ltu\u0308r mozaig\u0306i olan yurtlar\u0131m\u0131z, farkl\u0131 u\u0308lkelerden gelen o\u0308g\u0306rencilerle tan\u0131s\u0327\u0131p dost oldug\u0306unuz ulvi mekanlard\u0131r. Gayemiz, sizleri milli birlik ve beraberlik duygular\u0131 ic\u0327erisinde, dostluk ve kardes\u0327lik bag\u0306lar\u0131n\u0131 gu\u0308c\u0327lendirerek geleceg\u0306in yeni du\u0308nyas\u0131na haz\u0131rlamakt\u0131r.<\/p>\n<\/div>\n<\/div>\n<\/div>\n<p>[\/vc_column_text][\/vc_tta_section][vc_tta_section i_icon_fontawesome=&#187;fa fa-exclamation-triangle&#187; add_icon=&#187;true&#187; title=&#187;Ba\u015fvuru Ko\u015fullar\u0131&#187; tab_id=&#187;1526904970842-bf4f1abe-74fd&#187;][vc_column_text 0=&#187;&#187;]<\/p>\n<div class=\"page\" title=\"Page 2\">\n<div class=\"section\">\n<div class=\"layoutArea\">\n<div class=\"column\">\n<div class=\"page\" title=\"Page 2\">\n<div class=\"section\">\n<div class=\"layoutArea\">\n<div class=\"column\">\n<p>Mu\u0308lakat Kay\u0131t Formunu Doldurmak.<\/p>\n<\/div>\n<\/div>\n<\/div>\n<\/div>\n<p><em><strong>NOT:<\/strong>\u00a0Mu\u0308lakattan bas\u0327ar\u0131l\u0131 olan o\u0308g\u0306rencilerimiz, kay\u0131t ic\u0327in gereken as\u0327ag\u0306\u0131daki belgeleri eksiksiz teslim edip, o\u0308ngo\u0308ru\u0308len mali yu\u0308ku\u0308mlu\u0308lu\u0308g\u0306u\u0308 yerine getirdiklerinden itibaren u\u0308niversitemize kayd\u0131 gerc\u0327ekles\u0327ecektir.<\/em><\/p>\n<\/div>\n<\/div>\n<\/div>\n<\/div>\n<p>[\/vc_column_text][\/vc_tta_section][vc_tta_section i_icon_fontawesome=&#187;fa-icon-stm_icon_diploma_paper&#187; add_icon=&#187;true&#187; title=&#187;Yatay Ge\u00e7i\u015f veya Lisans Tamamlama&#187; tab_id=&#187;1526905042719-0f00561d-7f30&#8243;][vc_column_text 0=&#187;&#187;]<\/p>\n<div class=\"page\" title=\"Page 2\">\n<div class=\"section\">\n<div class=\"layoutArea\">\n<div class=\"column\">\n<div class=\"page\" title=\"Page 2\">\n<div class=\"section\">\n<div class=\"layoutArea\">\n<div class=\"column\">\n<p>I\u0307lgili u\u0308lkede bitirdig\u0306i yu\u0308ksekokul yada dengi okulun not do\u0308ku\u0308mu\u0308 (transkript) ve diploman\u0131n asl\u0131 yan\u0131s\u0131ra, yukar\u0131da belirtilen belgelerin tamam\u0131 ayn\u0131 s\u0327ekilde ibraz edilmesi gerekmektedir.<\/p>\n<\/div>\n<\/div>\n<\/div>\n<\/div>\n<p><em><strong>NOT:\u00a0<\/strong>Makedonya Cumhuriyeti Eg\u0306itim ve Bilim Bakanl\u0131g\u0306\u0131n\u0131n karar\u0131na istinaden:<\/em><br \/>\n<em>Makedonya Cumhuriyetinde Medrese mezunlar\u0131 ve Tu\u0308rkiye Cumhuriyeti I\u0307mam Hatip mezunlar\u0131n\u0131n,<\/em><br \/>\n<em>Makedonya Cumhuriyetinde yu\u0308kseko\u0308g\u0306renimlerini sadece s\u0327arkiyat ve I\u0307lahiyat bo\u0308lu\u0308mlerinde kay\u0131tlar\u0131n\u0131 gerc\u0327ekles\u0327tirebilirler.<\/em><\/p>\n<p><em>Yukar\u0131da belirtilen \u201cI\u0307mam Hatip veya Medrese\u201d okullar\u0131ndan mezun olanlar, u\u0308lkelerinde ilaveten \u201cAc\u0327\u0131k O\u0308g\u0306retim Lisesi\u201dni tamamlayarak u\u0308niversitemizde kay\u0131tlar\u0131n\u0131 gerc\u0327ekles\u0327tirmeleri mu\u0308mku\u0308ndu\u0308r.<\/em><\/p>\n<\/div>\n<\/div>\n<\/div>\n<\/div>\n<p>[\/vc_column_text][\/vc_tta_section][\/vc_tta_accordion][vc_column_text 0=&#187;&#187;]<\/p>\n<h4><span style=\"color: #171258;\"><strong>Uluslararas\u0131 Vizyon \u00dcniversitesi T\u00fcrk \u00d6\u011frencilerin Kayd\u0131 i\u00e7in Gerekli Belgeler<\/strong><\/span><\/h4>\n<p><strong>1.<\/strong>\u00a0Lise Diplomas\u0131 Asl\u0131 Valilikten ya da Kaymakaml\u0131ktan Apostil yapt\u0131r\u0131lacak.<br \/>\n<em><strong>Lise Diplomas\u0131n\u0131 Kaybedenler \u2018\u2019 Mezun Olduklar\u0131 Liseye D\u0130PLOMA KAYIP D\u0130LEK\u00c7ES\u0130 yazacaklar (\u0131slak imza m\u00fch\u00fcrl\u00fc)\u2019\u2019 ald\u0131klar\u0131 belgeyi Valilikten ya da Kaymakaml\u0131ktan Apostil yapt\u0131racaklar.<\/strong><\/em><br \/>\n<strong>2.<\/strong>\u00a0Lise not d\u00f6k\u00fcm\u00fc \u2018\u2019okudu\u011funuz y\u0131llardaki derslerinizi ve ald\u0131\u011f\u0131n\u0131z notlar\u0131 g\u00f6steren transkript\u2019\u2019 (\u0131slak imzal\u0131 ve m\u00fch\u00fcrl\u00fc)<br \/>\n<strong>3.<\/strong>\u00a0Uluslararas\u0131 Do\u011fum Belgesi \u2018\u2019N\u00fcfus M\u00fcd\u00fcrl\u00fc\u011f\u00fcnden al\u0131nacak \u0131slak imza ve m\u00fch\u00fcrl\u00fc)<br \/>\n<strong>4.<\/strong>\u00a0Sa\u011fl\u0131k raporu \u2018\u2019 Aile hekiminden \u0131slak imzal\u0131 m\u00fch\u00fcrl\u00fc yapt\u0131r\u0131lacak \u2018\u2019<br \/>\n<strong>5.<\/strong>\u00a0Adli Sicil Kayd\u0131 \u00e7ift sorgulu Adliye, Kaymakaml\u0131k veya Valilikten Apostilli<br \/>\n<strong>6.<\/strong>\u00a0\u0130kametg\u00e2h Belgesi (N\u00fcfus M\u00fcd\u00fcrl\u00fc\u011f\u00fc ya da Muhtarl\u0131ktan \u0131slak imzal\u0131 m\u00fch\u00fcrl\u00fc )<br \/>\n<strong>7.<\/strong>\u00a0Bordo Pasaportun resimli k\u0131sm\u0131n\u0131n fotokopisi \u2018\u2019 en az 4 y\u0131ll\u0131k olmas\u0131 gerekiyor\u2019\u2019<br \/>\n<strong>8.<\/strong>\u00a0Vek\u00e2letname \u2018\u2019\u00f6rne\u011fe g\u00f6re haz\u0131rlanacak\u2019\u2019<br \/>\n<strong>9.<\/strong>\u00a0Taahh\u00fctname Apostilli (noterden al\u0131n\u0131r anne baba verebilir evliyse e\u015fide taahh\u00fct edebilir, kendi kendine taahh\u00fct edenler maa\u015f bordosunu da \u0131slak imzal\u0131 ve ka\u015feli getirmeleri gerekmektedir.)<br \/>\n<strong>10.<\/strong>\u00a0SGK Provizyon Belgesi \u0130mzal\u0131 ve M\u00fch\u00fcrl\u00fc Apostilli<br \/>\n<strong>11.<\/strong>\u00a0Biyometrik 6 adet foto\u011fraf ( 3,5 x 4,5 boyutlar\u0131nda)<\/p>\n<p><em><strong>NOT:<\/strong>\u00a0Lisans tamamlama yapacak \u00f6\u011frenciler \u00d6n Lisans Transkriptlerinin asl\u0131n\u0131 teslim etmelidir.\u00a0<\/em>[\/vc_column_text][vc_column_text 0=&#187;&#187;]<a href=\"http:\/\/www.istanbuletc.com\/wp-content\/uploads\/2021\/08\/insaat_muhendisligi.pdf\" target=\"_blank\" rel=\"noopener noreferrer\"><img decoding=\"async\" loading=\"lazy\" class=\"size-full wp-image-2097 aligncenter\" src=\"http:\/\/istanbuletc.com\/wp-content\/uploads\/2017\/06\/program-brosuru.png\" alt=\"\" width=\"269\" height=\"80\" \/><\/a>[\/vc_column_text][\/vc_column][\/vc_row]<\/p>","protected":false},"excerpt":{"rendered":"<p>\u0418\u0437\u0432\u0438\u043d\u0438\u0442\u0435, \u044d\u0442\u043e\u0442 \u0442\u0435\u0445\u0442 \u0434\u043e\u0441\u0442\u0443\u043f\u0435\u043d \u0442\u043e\u043b\u044c\u043a\u043e \u0432 &ldquo;\u0442\u0443\u0440\u0435\u0446\u043a\u0438\u0439&rdquo;. For the sake of viewer convenience, the content is shown below in the alternative language. You may click the link to switch the active language.[vc_row 0=&#187;&#187;][vc_column 0=&#187;&#187;][vc_row_inner 0=&#187;&#187;][vc_column_inner width=&#187;1\/2&#8243;][vc_column_text 0=&#187;&#187;] Uluslararas\u0131 Vizyon U\u0308niversitesi Hakk\u0131nda Uluslararas\u0131 Vizyon \u00dcniversitesi, Merkezi Makedonya\u2019n\u0131n Gostivar s\u0327ehrinde bulunan \u201cS\u0327ar-Vardar I\u0307lim K\u00fclt\u00fcr ve Sanat Vakf\u0131\u201dn\u0131n [&hellip;]<\/p>\n","protected":false},"author":1,"featured_media":0,"parent":0,"menu_order":0,"comment_status":"closed","ping_status":"closed","template":"","meta":{"footnotes":""},"_links":{"self":[{"href":"http:\/\/www.istanbuletc.com\/ru\/wp-json\/wp\/v2\/pages\/2404"}],"collection":[{"href":"http:\/\/www.istanbuletc.com\/ru\/wp-json\/wp\/v2\/pages"}],"about":[{"href":"http:\/\/www.istanbuletc.com\/ru\/wp-json\/wp\/v2\/types\/page"}],"author":[{"embeddable":true,"href":"http:\/\/www.istanbuletc.com\/ru\/wp-json\/wp\/v2\/users\/1"}],"replies":[{"embeddable":true,"href":"http:\/\/www.istanbuletc.com\/ru\/wp-json\/wp\/v2\/comments?post=2404"}],"version-history":[{"count":13,"href":"http:\/\/www.istanbuletc.com\/ru\/wp-json\/wp\/v2\/pages\/2404\/revisions"}],"predecessor-version":[{"id":3058,"href":"http:\/\/www.istanbuletc.com\/ru\/wp-json\/wp\/v2\/pages\/2404\/revisions\/3058"}],"wp:attachment":[{"href":"http:\/\/www.istanbuletc.com\/ru\/wp-json\/wp\/v2\/media?parent=2404"}],"curies":[{"name":"wp","href":"https:\/\/api.w.org\/{rel}","templated":true}]}}